{"id":1064,"date":"2024-04-29T11:44:20","date_gmt":"2024-04-29T11:44:20","guid":{"rendered":"https:\/\/www.akademikonferens.se\/?page_id=1064"},"modified":"2026-03-31T12:31:31","modified_gmt":"2026-03-31T12:31:31","slug":"hematology2026","status":"publish","type":"page","link":"https:\/\/www.akademikonferens.se\/en\/hematology2026\/","title":{"rendered":"Hematology 2026"},"content":{"rendered":"<p>[et_pb_section fb_built=&#8221;1&#8243; fullwidth=&#8221;on&#8221; _builder_version=&#8221;4.19.5&#8243; _module_preset=&#8221;default&#8221; global_colors_info=&#8221;{}&#8221;][et_pb_fullwidth_image src=&#8221;http:\/\/wordpress.invajo.com\/akademikonferens\/wp-content\/uploads\/sites\/33\/2023\/05\/AK_landn_04d_2000x500.jpg&#8221; title_text=&#8221;AK_landn_04d_2000x500&#8243; _builder_version=&#8221;4.19.5&#8243; _module_preset=&#8221;default&#8221; global_colors_info=&#8221;{}&#8221;][\/et_pb_fullwidth_image][\/et_pb_section][et_pb_section fb_built=&#8221;1&#8243; admin_label=&#8221;Inneh\u00e5l&#8221; _builder_version=&#8221;4.19.5&#8243; _module_preset=&#8221;default&#8221; global_colors_info=&#8221;{}&#8221;][et_pb_row _builder_version=&#8221;4.24.0&#8243; _module_preset=&#8221;default&#8221; width=&#8221;81.4%&#8221; custom_margin=&#8221;|auto||243px||&#8221; custom_padding=&#8221;33px|||||&#8221; global_colors_info=&#8221;{}&#8221;][et_pb_column type=&#8221;4_4&#8243; _builder_version=&#8221;4.19.5&#8243; _module_preset=&#8221;default&#8221; global_colors_info=&#8221;{}&#8221;][et_pb_text _builder_version=&#8221;4.27.6&#8243; _module_preset=&#8221;default&#8221; width=&#8221;100%&#8221; custom_padding=&#8221;|0px||||&#8221; hover_enabled=&#8221;0&#8243; global_colors_info=&#8221;{}&#8221; sticky_enabled=&#8221;0&#8243;]<\/p>\n<h1><strong>Welcome to Hematology Seminar XXIV, September 4 2026, WEBINAR<\/strong><\/h1>\n<p>&nbsp;<\/p>\n<p>To register for the seminar, please follow the link below:<a href=\"https:\/\/registration.invajo.com\/4df22611-8d6c-4437-90fb-36de8c10461e\"><\/a><\/p>\n<p><a href=\"https:\/\/registration.invajo.com\/9754abb0-af98-438c-b33a-8df6bef5907d\" target=\"_blank\" rel=\"noopener\">https:\/\/registration.invajo.com\/9754abb0-af98-438c-b33a-8df6bef5907d<\/a><\/p>\n<p><strong>\u00a0<\/strong><\/p>\n<div class=\"main-body clearfix\">\n<div class=\"xhtmlstring\">\n<p>&nbsp;<\/p>\n<\/div>\n<\/div>\n<p>[\/et_pb_text][et_pb_text _builder_version=&#8221;4.27.6&#8243; _module_preset=&#8221;default&#8221; width=&#8221;100%&#8221; custom_padding=&#8221;|0px||||&#8221; global_colors_info=&#8221;{}&#8221;]<\/p>\n<p><strong>PROGRAM &#8211; KHS XXIV, FRIDAY SEPTEMBER 4, 2026<\/strong><\/p>\n<p>State-of-the-art lectures on Indolent lymphoma, multiple myeloma, Autoimmune hemolytic anemias, Myeloproliferative neoplasms, and Acute myeloid leukemia.<\/p>\n<p>&nbsp;<\/p>\n<table border=\"0\" style=\"height: 1148px;width: 71.1203%;border-collapse: collapse;border-style: none\" cellspacing=\"2\">\n<tbody>\n<tr style=\"height: 96px\">\n<td style=\"width: 20.0037%;height: 96px;vertical-align: top\">08.30-08.40<\/td>\n<td style=\"width: 83.7276%;height: 96px;vertical-align: top\">\n<p><strong>Welcome to Webinar<\/strong><\/p>\n<p>Magnus Bj\u00f6rkholm\/Torsten Dahl\u00e9n, Karolinska University Hospital, Stockholm, Sweden.<\/p>\n<\/td>\n<\/tr>\n<tr style=\"height: 136px\">\n<td style=\"width: 20.0037%;height: 136px;vertical-align: top\">08.40-09.50<\/td>\n<td style=\"height: 136px;width: 83.7276%;vertical-align: top\">\n<p><strong>Chronic lymphocytic leukemia: an update<\/strong><\/p>\n<p>Eugen Tausch, Department of Internal Medicine III, University Hospital Ulm, Ulm, Germany.<\/p>\n<p>Discussant: Maria Andersson, Karolinska University Hospital, Stockholm, Sweden.<\/p>\n<\/td>\n<\/tr>\n<tr style=\"height: 56px\">\n<td style=\"width: 20.0037%;height: 56px;vertical-align: top\">09.50-10.00<\/td>\n<td style=\"height: 56px;width: 83.7276%;vertical-align: top\">\u201cLeg stretcher\u201d, coffee break<\/td>\n<\/tr>\n<tr style=\"height: 144px\">\n<td style=\"width: 20.0037%;height: 144px;vertical-align: top\">10.00-11.10<\/td>\n<td style=\"height: 144px;width: 83.7276%;vertical-align: top\">\n<p><strong>Waldenstrom macroglobulinemia: an update<\/strong><\/p>\n<p>Christian Buske, Department of Medicine III, <span style=\"font-size: 15px\">University Hospital Ulm, Ulm, Germany.<\/span><\/p>\n<p>Discussant: Christopher Mel\u00e9n, Karolinska University Hospital, Stockholm, Sweden.<\/p>\n<\/td>\n<\/tr>\n<tr style=\"height: 56px\">\n<td style=\"width: 20.0037%;height: 56px;vertical-align: top\">11.10-11.20<\/td>\n<td style=\"height: 56px;width: 83.7276%;vertical-align: top\">\u201cLeg stretcher\u201d, coffee break<\/td>\n<\/tr>\n<tr style=\"height: 120px\">\n<td style=\"width: 20.0037%;height: 120px;vertical-align: top\">11.20-12.30<\/td>\n<td style=\"height: 120px;width: 83.7276%;vertical-align: top\">\n<p><strong>Infections in the immunocompromised host: an update<\/strong><\/p>\n<p>Johan Maertens, Department of Haematology, University Hospitals Leuven, Leuven, Belgium.<\/p>\n<p>Discussant: Ola Blennow, Karolinska University Hospital, Stockholm, Sweden.<\/p>\n<\/td>\n<\/tr>\n<tr style=\"height: 24px\">\n<td style=\"width: 20.0037%;height: 24px;vertical-align: top\">12.30-13.30<\/td>\n<td style=\"height: 24px;width: 83.7276%;vertical-align: top\">Lunch break<\/td>\n<\/tr>\n<tr style=\"height: 120px\">\n<td style=\"width: 20.0037%;height: 120px;vertical-align: top\">13.30-14.40<\/td>\n<td style=\"height: 120px;width: 83.7276%;vertical-align: top\">\n<p><strong>Acute promyelocytic leukemia: an update<\/strong><\/p>\n<p>Lionel Ad\u00e8s, Service d\u2019H\u00e9matologie-S\u00e9nior, H\u00f4pital Saint-Louis, APHP, Universit\u00e9 de Paris Cit\u00e9, Paris Saint-Louis Leukaemia Institute, Paris, France.<\/p>\n<p>Discussant: Stefan Deneberg, Karolinska University Hospital, Stockholm, Sweden.<\/p>\n<\/td>\n<\/tr>\n<tr style=\"height: 24px\">\n<td style=\"width: 20.0037%;height: 24px;vertical-align: top\">14.40-14.50<\/td>\n<td style=\"height: 24px;width: 83.7276%;vertical-align: top\">\u201cLeg stretcher\u201d, coffee break<\/td>\n<\/tr>\n<tr style=\"height: 120px\">\n<td style=\"width: 20.0037%;height: 120px;vertical-align: top\">14.50-16.00<\/td>\n<td style=\"height: 120px;width: 83.7276%;vertical-align: top\">\n<p><strong>Acute lymphoblastic leukemia: an update<\/strong><\/p>\n<p>Hagop Kantarjian, The University of Texas MD Anderson Cancer Center, Houston, Texas, USA.<\/p>\n<p>Discussant: Joel Joelsson, Karolinska University Hospital, Stockholm, Sweden.<\/p>\n<\/td>\n<\/tr>\n<tr style=\"height: 80px\">\n<td style=\"width: 20.0037%;height: 80px;vertical-align: top\">16.00-16.10<\/td>\n<td style=\"height: 80px;width: 83.7276%;vertical-align: top\">\n<p><strong>Concluding Remarks and End of Seminar<\/strong><\/p>\n<p>Magnus Bj\u00f6rkholm\/Torsten Dahl\u00e9n<\/p>\n<\/td>\n<\/tr>\n<\/tbody>\n<\/table>\n<p>[\/et_pb_text][\/et_pb_column][\/et_pb_row][et_pb_row _builder_version=&#8221;4.26.0&#8243; _module_preset=&#8221;default&#8221; global_colors_info=&#8221;{}&#8221;][et_pb_column type=&#8221;4_4&#8243; _builder_version=&#8221;4.26.0&#8243; _module_preset=&#8221;default&#8221; global_colors_info=&#8221;{}&#8221;][et_pb_divider show_divider=&#8221;off&#8221; _builder_version=&#8221;4.26.0&#8243; _module_preset=&#8221;default&#8221; global_colors_info=&#8221;{}&#8221;][\/et_pb_divider][\/et_pb_column][\/et_pb_row][et_pb_row _builder_version=&#8221;4.26.0&#8243; _module_preset=&#8221;default&#8221; global_colors_info=&#8221;{}&#8221;][et_pb_column type=&#8221;4_4&#8243; _builder_version=&#8221;4.26.0&#8243; _module_preset=&#8221;default&#8221; global_colors_info=&#8221;{}&#8221;][et_pb_image src=&#8221;https:\/\/www.akademikonferens.se\/wp-content\/uploads\/sites\/33\/2025\/05\/allasponsorer.png&#8221; title_text=&#8221;allasponsorer&#8221; _builder_version=&#8221;4.26.0&#8243; _module_preset=&#8221;default&#8221; global_colors_info=&#8221;{}&#8221;][\/et_pb_image][\/et_pb_column][\/et_pb_row][\/et_pb_section][et_pb_section fb_built=&#8221;1&#8243; admin_label=&#8221;Footer&#8221; _builder_version=&#8221;4.24.0&#8243; _module_preset=&#8221;default&#8221; background_color=&#8221;#163352&#8243; custom_margin=&#8221;||||false|false&#8221; global_module=&#8221;24&#8243; saved_tabs=&#8221;all&#8221; global_colors_info=&#8221;{}&#8221;][et_pb_row column_structure=&#8221;1_4,1_4,1_4,1_4&#8243; admin_label=&#8221;Inneh\u00e5ll i footern&#8221; _builder_version=&#8221;4.19.5&#8243; _module_preset=&#8221;default&#8221; global_colors_info=&#8221;{}&#8221;][et_pb_column type=&#8221;1_4&#8243; _builder_version=&#8221;4.19.5&#8243; _module_preset=&#8221;default&#8221; global_colors_info=&#8221;{}&#8221;][et_pb_image src=&#8221;http:\/\/wordpress.invajo.com\/akademikonferens\/wp-content\/uploads\/sites\/33\/2023\/05\/AK-logga-1.png&#8221; alt=&#8221;AK&#8221; title_text=&#8221;AK-logga&#8221; align_tablet=&#8221;&#8221; align_phone=&#8221;center&#8221; align_last_edited=&#8221;on|phone&#8221; _builder_version=&#8221;4.19.5&#8243; _module_preset=&#8221;default&#8221; max_height=&#8221;220px&#8221; border_radii=&#8221;on|5px|5px|5px|5px&#8221; global_colors_info=&#8221;{}&#8221;][\/et_pb_image][\/et_pb_column][et_pb_column type=&#8221;1_4&#8243; _builder_version=&#8221;4.19.5&#8243; _module_preset=&#8221;default&#8221; global_colors_info=&#8221;{}&#8221;][et_pb_text admin_label=&#8221;V\u00e5ra huvudm\u00e4n&#8221; _builder_version=&#8221;4.19.5&#8243; _module_preset=&#8221;default&#8221; global_colors_info=&#8221;{}&#8221;]<\/p>\n<h3><span style=\"color: #ffffff\">Our principals<\/span><\/h3>\n<p>[\/et_pb_text][et_pb_image src=&#8221;http:\/\/wordpress.invajo.com\/akademikonferens\/wp-content\/uploads\/sites\/33\/2023\/04\/Va\u030ara-huvudma\u0308n.png&#8221; title_text=&#8221;Va\u030ara huvudma\u0308n&#8221; align_tablet=&#8221;center&#8221; align_phone=&#8221;&#8221; align_last_edited=&#8221;on|phone&#8221; _builder_version=&#8221;4.19.5&#8243; _module_preset=&#8221;default&#8221; custom_margin=&#8221;|20px|||false|false&#8221; global_colors_info=&#8221;{}&#8221;][\/et_pb_image][\/et_pb_column][et_pb_column type=&#8221;1_4&#8243; _builder_version=&#8221;4.19.5&#8243; _module_preset=&#8221;default&#8221; global_colors_info=&#8221;{}&#8221;][et_pb_text _builder_version=&#8221;4.19.5&#8243; _module_preset=&#8221;default&#8221; global_colors_info=&#8221;{}&#8221;]<\/p>\n<h3><span style=\"color: #ffffff\">ISO certified<\/span><\/h3>\n<p>[\/et_pb_text][et_pb_image src=&#8221;http:\/\/wordpress.invajo.com\/akademikonferens\/wp-content\/uploads\/sites\/33\/2023\/05\/ISO.webp&#8221; title_text=&#8221;ISO&#8221; _builder_version=&#8221;4.19.5&#8243; _module_preset=&#8221;default&#8221; width=&#8221;40%&#8221; custom_margin=&#8221;|||20px|false|false&#8221; global_colors_info=&#8221;{}&#8221;][\/et_pb_image][\/et_pb_column][et_pb_column type=&#8221;1_4&#8243; _builder_version=&#8221;4.19.5&#8243; _module_preset=&#8221;default&#8221; global_colors_info=&#8221;{}&#8221;][et_pb_text admin_label=&#8221;Kontakt&#8221; _builder_version=&#8221;4.26.0&#8243; _module_preset=&#8221;default&#8221; global_colors_info=&#8221;{}&#8221;]<\/p>\n<h3><span style=\"color: #ffffff\">Contact<\/span><\/h3>\n<p>[\/et_pb_text][et_pb_text _builder_version=&#8221;4.26.0&#8243; _module_preset=&#8221;default&#8221; min_height=&#8221;75.2px&#8221; custom_margin=&#8221;||-24px|||&#8221; global_colors_info=&#8221;{}&#8221;]<span style=\"color: #ffffff\">Tel: 08-524 833 00<\/span><br \/>\n<span style=\"color: #ffffff\">Tel: 018-67 10 03<\/span><br \/>\n<span style=\"color: #ffffff\">Tel: 08-16 33 00<\/span><br \/>\n<span style=\"color: #ffffff\">Tel: 018-471 57 30<\/span><\/p>\n<p><span style=\"color: #ffffff\">E-mail <a href=\"mailto:info@akademikonferens.se\">info@akademikonferens.se<\/a><\/span><\/p>\n<p>&nbsp;[\/et_pb_text][et_pb_social_media_follow _builder_version=&#8221;4.21.0&#8243; _module_preset=&#8221;default&#8221; global_colors_info=&#8221;{}&#8221;][et_pb_social_media_follow_network social_network=&#8221;linkedin&#8221; url=&#8221;https:\/\/www.linkedin.com\/company\/akademikonferens\/&#8221; _builder_version=&#8221;4.19.5&#8243; _module_preset=&#8221;default&#8221; background_color=&#8221;#007bb6&#8243; global_colors_info=&#8221;{}&#8221; follow_button=&#8221;off&#8221; url_new_window=&#8221;on&#8221;]linkedin[\/et_pb_social_media_follow_network][\/et_pb_social_media_follow][\/et_pb_column][\/et_pb_row][\/et_pb_section][et_pb_section fb_built=&#8221;1&#8243; fullwidth=&#8221;on&#8221; admin_label=&#8221;Footer 2 l\u00e4ngst ner&#8221; _builder_version=&#8221;4.24.0&#8243; _module_preset=&#8221;default&#8221; background_color=&#8221;#163352&#8243; max_height=&#8221;100px&#8221; global_module=&#8221;25&#8243; saved_tabs=&#8221;all&#8221; global_colors_info=&#8221;{}&#8221;][et_pb_fullwidth_code admin_label=&#8221;AK &#8211; Universitet i samverkan&#8221; _builder_version=&#8221;4.24.0&#8243; _module_preset=&#8221;default&#8221; global_colors_info=&#8221;{}&#8221;]<!-- [et_pb_line_break_holder] --><pee style=\"text-align: center\"><span style=\"color: #ffffff\">Akademikonferens &#8211; Universitet i samverkan: Karolinska Institutet, SLU, Stockholms universitet och Uppsala universitet. <\/span><!-- [et_pb_line_break_holder] --><span style=\"color: #ffffff\">Org. nummer: 202100-2817<\/span><\/pee><pee style=\"text-align: center\"><span style=\"color: #ffffff\"><a href=\"https:\/\/www.akademikonferens.se\/en\/akademikonferens-integritetspolicy\/\">Privacy Policy<\/a> <a href=\"https:\/\/www.akademikonferens.se\/en\/om-webbplatsen\/\">About this website<\/a><\/span><\/pee><!-- [et_pb_line_break_holder] --><!-- [et_pb_line_break_holder] -->[\/et_pb_fullwidth_code][\/et_pb_section]<\/p>","protected":false},"excerpt":{"rendered":"<p>Welcome to Hematology Seminar XXIV, September 4 2026, WEBINAR &nbsp; To register for the seminar, please follow the link below: https:\/\/registration.invajo.com\/9754abb0-af98-438c-b33a-8df6bef5907d \u00a0 &nbsp; PROGRAM &#8211; KHS XXIV, FRIDAY SEPTEMBER 4, 2026 State-of-the-art lectures on Indolent lymphoma, multiple myeloma, Autoimmune hemolytic anemias, Myeloproliferative neoplasms, and Acute myeloid leukemia. &nbsp; 08.30-08.40 Welcome to Webinar Magnus Bj\u00f6rkholm\/Torsten Dahl\u00e9n, [&hellip;]<\/p>","protected":false},"author":19,"featured_media":0,"parent":0,"menu_order":0,"comment_status":"closed","ping_status":"closed","template":"","meta":{"_et_pb_use_builder":"on","_et_pb_old_content":"","_et_gb_content_width":"","footnotes":""},"class_list":["post-1064","page","type-page","status-publish","hentry"],"_links":{"self":[{"href":"https:\/\/www.akademikonferens.se\/en\/wp-json\/wp\/v2\/pages\/1064","targetHints":{"allow":["GET"]}}],"collection":[{"href":"https:\/\/www.akademikonferens.se\/en\/wp-json\/wp\/v2\/pages"}],"about":[{"href":"https:\/\/www.akademikonferens.se\/en\/wp-json\/wp\/v2\/types\/page"}],"author":[{"embeddable":true,"href":"https:\/\/www.akademikonferens.se\/en\/wp-json\/wp\/v2\/users\/19"}],"replies":[{"embeddable":true,"href":"https:\/\/www.akademikonferens.se\/en\/wp-json\/wp\/v2\/comments?post=1064"}],"version-history":[{"count":31,"href":"https:\/\/www.akademikonferens.se\/en\/wp-json\/wp\/v2\/pages\/1064\/revisions"}],"predecessor-version":[{"id":2365,"href":"https:\/\/www.akademikonferens.se\/en\/wp-json\/wp\/v2\/pages\/1064\/revisions\/2365"}],"wp:attachment":[{"href":"https:\/\/www.akademikonferens.se\/en\/wp-json\/wp\/v2\/media?parent=1064"}],"curies":[{"name":"wp","href":"https:\/\/api.w.org\/{rel}","templated":true}]}}